{"version":"1.0","provider_name":"elternforen.com - Ratgeber-Magazin","provider_url":"https:\/\/www.elternforen.com\/Blog","title":"Die Erstausstattung f\u00fcr den Kindergarten - elternforen.com - Ratgeber-Magazin","type":"rich","width":600,"height":338,"html":"<blockquote class=\"wp-embedded-content\" data-secret=\"duyNVjyyQn\"><a href=\"https:\/\/www.elternforen.com\/Blog\/die-erstausstattung-fuer-den-kindergarten-6027\/\">Die Erstausstattung f\u00fcr den Kindergarten<\/a><\/blockquote><iframe sandbox=\"allow-scripts\" security=\"restricted\" src=\"https:\/\/www.elternforen.com\/Blog\/die-erstausstattung-fuer-den-kindergarten-6027\/embed\/#?secret=duyNVjyyQn\" width=\"600\" height=\"338\" title=\"&#8222;Die Erstausstattung f\u00fcr den Kindergarten&#8220; &#8211; elternforen.com - Ratgeber-Magazin\" data-secret=\"duyNVjyyQn\" frameborder=\"0\" marginwidth=\"0\" marginheight=\"0\" scrolling=\"no\" class=\"wp-embedded-content\"><\/iframe><script type=\"text\/javascript\">\n\/* <![CDATA[ *\/\n\/*! This file is auto-generated *\/\n!function(d,l){\"use strict\";l.querySelector&&d.addEventListener&&\"undefined\"!=typeof URL&&(d.wp=d.wp||{},d.wp.receiveEmbedMessage||(d.wp.receiveEmbedMessage=function(e){var t=e.data;if((t||t.secret||t.message||t.value)&&!\/[^a-zA-Z0-9]\/.test(t.secret)){for(var s,r,n,a=l.querySelectorAll('iframe[data-secret=\"'+t.secret+'\"]'),o=l.querySelectorAll('blockquote[data-secret=\"'+t.secret+'\"]'),c=new RegExp(\"^https?:$\",\"i\"),i=0;i<o.length;i++)o[i].style.display=\"none\";for(i=0;i<a.length;i++)s=a[i],e.source===s.contentWindow&&(s.removeAttribute(\"style\"),\"height\"===t.message?(1e3<(r=parseInt(t.value,10))?r=1e3:~~r<200&&(r=200),s.height=r):\"link\"===t.message&&(r=new URL(s.getAttribute(\"src\")),n=new URL(t.value),c.test(n.protocol))&&n.host===r.host&&l.activeElement===s&&(d.top.location.href=t.value))}},d.addEventListener(\"message\",d.wp.receiveEmbedMessage,!1),l.addEventListener(\"DOMContentLoaded\",function(){for(var e,t,s=l.querySelectorAll(\"iframe.wp-embedded-content\"),r=0;r<s.length;r++)(t=(e=s[r]).getAttribute(\"data-secret\"))||(t=Math.random().toString(36).substring(2,12),e.src+=\"#?secret=\"+t,e.setAttribute(\"data-secret\",t)),e.contentWindow.postMessage({message:\"ready\",secret:t},\"*\")},!1)))}(window,document);\n\/\/# sourceURL=https:\/\/www.elternforen.com\/Blog\/wp-includes\/js\/wp-embed.min.js\n\/* ]]> *\/\n<\/script>\n","thumbnail_url":"https:\/\/www.elternforen.com\/Blog\/wp-content\/uploads\/2021\/12\/gautam-arora-78Ae6N7rNvI-unsplash-scaled.jpg","thumbnail_width":2560,"thumbnail_height":1707,"description":"Der Beginn des Kindergartens ist f\u00fcr viele Eltern das erste Mal, dass sie den Nachwuchs f\u00fcr einige Stunden aus der Hand geben und &#8218;alleine&#8216; auf die gro\u00dfe weite Welt zulassen. W\u00e4hrend das in der Regel mit gemischten Gef\u00fchlen einhergeht, kann man f\u00fcr ein etwas besseres Gef\u00fchl zumindest auf die passende Erstausstattung achten. Wenn die Kinder [&hellip;]"}